{"id":2587,"date":"2021-07-19T23:48:11","date_gmt":"2021-07-19T21:48:11","guid":{"rendered":"https:\/\/tierheim-nied.de\/tierheimneu\/?page_id=2587"},"modified":"2024-02-27T21:03:12","modified_gmt":"2024-02-27T20:03:12","slug":"2007-2005","status":"publish","type":"page","link":"https:\/\/tierheim-nied.de\/index.php\/test\/das-tierheim\/vermittelte-tiere\/2007-2005\/","title":{"rendered":"2007-2005"},"content":{"rendered":"\n<p class=\"has-background\" id=\"zur\u00fcck\" style=\"background-color:#f3f19c\"><strong>Unsere vermittelten Tiere<\/strong><\/p>\n\n\n\n<p>Wir freuen uns immer, Post von unseren ehemaligen Tierheimbewohnern aus ihrem neuen Zuhause bekommen.<br>Wie man sehen kann, war es seit 2018 ein wenig eingeschlafen, wird aber jetzt wieder gepflegt sobald wir von neuen Tierbesitzern Texte und Bilder bekommen und mit deren Erlaubnis hier ver\u00f6ffentlichen d\u00fcrfen.<\/p>\n\n\n\n<figure class=\"wp-block-table is-style-stripes\"><table class=\"has-background\" style=\"background-color:#f5f3f3\"><tbody><tr><td><strong><a href=\"https:\/\/tierheim-nied.de\/index.php\/2024-2\/\" data-type=\"page\" data-id=\"9443\"><span style=\"text-decoration: underline;\">2024<\/span><\/a><\/strong><\/td><td class=\"has-text-align-center\" data-align=\"center\"><strong><a href=\"https:\/\/tierheim-nied.de\/index.php\/2023-2\/\"><span style=\"text-decoration: underline;\">2023<\/span><\/a><\/strong><\/td><td class=\"has-text-align-center\" data-align=\"center\"><strong><span style=\"text-decoration: underline;\"><a href=\"https:\/\/tierheim-nied.de\/index.php\/2022-2\/\"><\/a><strong><a href=\"https:\/\/tierheim-nied.de\/index.php\/2022-2\/\">2022<\/a><\/strong><\/span><\/strong><\/td><td class=\"has-text-align-center\" data-align=\"center\"><strong><a href=\"https:\/\/tierheim-nied.de\/index.php\/2020-2\/\"><\/a><a href=\"https:\/\/tierheim-nied.de\/index.php\/test\/das-tierheim\/vermittelte-tiere\/2021-2\/\"><strong><span style=\"text-decoration: underline;\">2021<\/span><\/strong><\/a><\/strong><\/td><td class=\"has-text-align-center\" data-align=\"center\"><strong><strong><a href=\"https:\/\/tierheim-nied.de\/index.php\/2020-2\/\"><span style=\"text-decoration: underline;\"><span style=\"text-decoration: underline;\"><\/span><\/span><\/a><strong><span style=\"text-decoration: underline;\"><a href=\"https:\/\/tierheim-nied.de\/index.php\/2020-2\/\"><\/a><strong><a href=\"https:\/\/tierheim-nied.de\/index.php\/2020-2\/\"><\/a><strong><a href=\"https:\/\/tierheim-nied.de\/index.php\/2020-2\/\">2020<\/a><\/strong><\/strong><\/span><\/strong><\/strong><\/strong><\/td><td><\/td><\/tr><tr><td><\/td><td class=\"has-text-align-center\" data-align=\"center\"><strong><span style=\"text-decoration: underline;\"><a href=\"https:\/\/tierheim-nied.de\/index.php\/test\/das-tierheim\/vermittelte-tiere\/2018-2014\/\" data-type=\"page\" data-id=\"3187\">2018-2014<\/a><\/span><\/strong><\/td><td class=\"has-text-align-center\" data-align=\"center\"><strong><span style=\"text-decoration: underline;\"><a href=\"https:\/\/tierheim-nied.de\/index.php\/test\/das-tierheim\/vermittelte-tiere\/2013-2010\/\" data-type=\"page\" data-id=\"2884\">2013-2010<\/a><\/span><\/strong><\/td><td class=\"has-text-align-center\" data-align=\"center\"><span style=\"text-decoration: underline;\"><strong><a href=\"https:\/\/tierheim-nied.de\/index.php\/test\/das-tierheim\/vermittelte-tiere\/2010-2007\/\" data-type=\"page\" data-id=\"2680\">2010-2007<\/a><\/strong><\/span><\/td><td class=\"has-text-align-center\" data-align=\"center\"><span style=\"text-decoration: underline;\"><strong><a href=\"https:\/\/tierheim-nied.de\/index.php\/test\/das-tierheim\/vermittelte-tiere\/2007-2005\/\" data-type=\"page\" data-id=\"2587\">2007-2005<\/a><\/strong><\/span><\/td><td><\/td><\/tr><\/tbody><\/table><\/figure>\n\n\n\n<p class=\"has-background\" style=\"background-color:#f3f19c\"><strong>Das ist Frau Rossi<\/strong><\/p>\n\n\n\n<div class=\"wp-block-media-text alignwide is-stacked-on-mobile\" style=\"grid-template-columns:49% auto\"><figure class=\"wp-block-media-text__media\"><a href=\"https:\/\/tierheim-nied.de\/wp-content\/uploads\/2021\/07\/P1040627.jpg\" rel=\"lightbox-0\"><img loading=\"lazy\" decoding=\"async\" width=\"461\" height=\"346\" src=\"https:\/\/tierheim-nied.de\/wp-content\/uploads\/2021\/07\/P1040627.jpg\" alt=\"\" class=\"wp-image-2588 size-full\" srcset=\"https:\/\/tierheim-nied.de\/wp-content\/uploads\/2021\/07\/P1040627.jpg 461w, https:\/\/tierheim-nied.de\/wp-content\/uploads\/2021\/07\/P1040627-350x263.jpg 350w\" sizes=\"auto, (max-width: 461px) 100vw, 461px\" \/><\/a><\/figure><div class=\"wp-block-media-text__content\">\n<p>Nachdem Fr. Rossi alles Schlimme \u00fcberstanden hat ist einstimmig beschlossen worden, dass sie nun bei uns im Tierheim bleibt. Frau Rossi erfreut uns alle jeden Tag aufs Neue, spielt, tobt und schmust mit allen Mitarbeitern. Den Spitznamen Frau Rotzi hat sie bekommen, da sie einen chronischen Schnupfen hat. Sie begr\u00fc\u00dft an den Vermittlungstagen unsere Besucher und ist eine sehr aufgeweckte Katze, die sich auch mit unseren Hunden vertr\u00e4gt. Uns allen ist Frau Rossi sehr ans Herz gewachsen und hergeben w\u00fcrde sie keiner mehr. Sie lebt nicht in einem der R\u00e4ume sondern k\u00f6niglich im B\u00fcro, auf dem \u201cChefsessel\u201d, in der K\u00fcche und auf unserem Gel\u00e4nde.<br><br>Wir hoffen auf noch viele viele lustige und schmusige Jahre mit unsrer Fr. Rossi \/ Rotzi\u2026\u2026<\/p>\n<\/div><\/div>\n\n\n\n<p class=\"has-background\" style=\"background-color:#f3f19c\"><strong>Abby und Ziva (fr\u00fcher: Fiamma und Fiona)<\/strong><\/p>\n\n\n\n<div class=\"wp-block-media-text alignwide is-stacked-on-mobile\"><figure class=\"wp-block-media-text__media\"><a href=\"https:\/\/tierheim-nied.de\/wp-content\/uploads\/2021\/07\/Ziva_kuscheln.jpg\" rel=\"lightbox-1\"><img loading=\"lazy\" decoding=\"async\" width=\"800\" height=\"600\" src=\"https:\/\/tierheim-nied.de\/wp-content\/uploads\/2021\/07\/Ziva_kuscheln.jpg\" alt=\"\" class=\"wp-image-2594 size-full\" srcset=\"https:\/\/tierheim-nied.de\/wp-content\/uploads\/2021\/07\/Ziva_kuscheln.jpg 800w, https:\/\/tierheim-nied.de\/wp-content\/uploads\/2021\/07\/Ziva_kuscheln-350x263.jpg 350w, https:\/\/tierheim-nied.de\/wp-content\/uploads\/2021\/07\/Ziva_kuscheln-768x576.jpg 768w\" sizes=\"auto, (max-width: 800px) 100vw, 800px\" \/><\/a><\/figure><div class=\"wp-block-media-text__content\">\n<p>Liebe Frau Czech und liebes Tierheimteam!<br>Hier melden sich eure zwei K\u00e4tzchen, die Ende September 2007 nach Weiterstadt vermittelt wurden. Wir f\u00fchlen uns pudelwohl und halten unsere zwei Dosen\u00f6ffner ziemlich auf Trab \ud83d\ude42 Da wird getobt, gespielt, gerauft und ganz viel gekuschelt. Jetzt wissen die zwei auch endlich, warum sie den gro\u00dfen Sitzsack gekauft haben&#8230; da schlafen wir jetzt immer drauf. Nur die Sache mit dem kratzbaum haben wir noch nicht so ganz kappiert. Aber mit ein paar Leckerchen und dem richtigen Timing finden wir auch daran langsam Geschmack. Das ist ein gutes Stichwort, denn wir mampfen was das Zeug h\u00e4lt und wachsen langsam zu kleinen Tigern heran. Frau Dr. Braun hat sich gefreut wie pr\u00e4chtig wir aussehen :)) Wenn wir etwas anstellen kommt aus dem Nichts ein kleiner Wasserspritzer&#8230;. naja, dann gucken wir ein bisschen doof und freuen uns, weil wir Wasser m\u00f6gen! Komischerweise st\u00f6\u00dft dass bei unseren Leuten auf Unverst\u00e4ndnis \ud83d\ude09 Da wir st\u00e4ndig besch\u00e4ftigt sein wollen, bekommen wir tolle Spielkisten und jeden Tag eine kleine kniffelige Aufgabe gestellt der wir uns mit Hingabe widmen, denn wir lieben unsere kleinen Leckerchen. Allerdings ist uns unsere Lederschnur mit dem kleinen M\u00e4uschen noch lieber. Dann rennen wir durch die ganze Wohnung und zeigen dem M\u00e4uschen wo der Hammer h\u00e4ngt. Danach sind wir total platt und schlafen uns erstmal sch\u00f6n aus&#8230; sollte zuf\u00e4llig ein Menschlein in der N\u00e4he sein platzieren wir uns auch gerne auf dem Scho\u00df und schnurren wie eine (bzw. zwei) N\u00e4hmaschine(n) :))<\/p>\n<\/div><\/div>\n\n\n\n<div class=\"wp-block-media-text alignwide is-stacked-on-mobile\"><figure class=\"wp-block-media-text__media\"><a href=\"https:\/\/tierheim-nied.de\/wp-content\/uploads\/2021\/07\/Schlafkissen.jpg\" rel=\"lightbox-2\"><img loading=\"lazy\" decoding=\"async\" width=\"800\" height=\"600\" src=\"https:\/\/tierheim-nied.de\/wp-content\/uploads\/2021\/07\/Schlafkissen.jpg\" alt=\"\" class=\"wp-image-2595 size-full\" srcset=\"https:\/\/tierheim-nied.de\/wp-content\/uploads\/2021\/07\/Schlafkissen.jpg 800w, https:\/\/tierheim-nied.de\/wp-content\/uploads\/2021\/07\/Schlafkissen-350x263.jpg 350w, https:\/\/tierheim-nied.de\/wp-content\/uploads\/2021\/07\/Schlafkissen-768x576.jpg 768w\" sizes=\"auto, (max-width: 800px) 100vw, 800px\" \/><\/a><\/figure><div class=\"wp-block-media-text__content\">\n<p>Damit Ihr auch seht wir gut es uns geht, haben wir extra f\u00fcr ein paar Fotos posiert und senden Euch diese im Anhang mit. Zum Schluss m\u00f6chten unsere Menschen auch noch etwas sagen.&nbsp; Ganz liebe Gr\u00fc\u00dfe und ein kr\u00e4ftiges &#8222;Miau&#8220;&nbsp; Abby und Ziva&nbsp; Nochmal Hallo \ud83d\ude42&nbsp; Wir sind ganz gl\u00fccklich mit unseren zwei Purzeln. Manchmal m\u00f6chte man sie nat\u00fcrlich am liebsten *arg*, weil sie mitten in der Nacht rumtoben und einen H\u00f6llenl\u00e4rm machen. Die &#8222;katzenerprobte&#8220; Person unter uns l\u00e4sst das eigentlich kalt ;), aber die zweite H\u00e4lfte hatte manchmal mit Schlafmangel zu k\u00e4mpfen \ud83d\ude42 Ziva (der kleine Rotfuchs) war von Anfang an in ihrem Element&#8230;. Abby brauchte etwas mehr Zeit, steht Ziva aber in nichts nach und ist rotzfrech \ud83d\ude42 Sie liebt es sich zwischen unseren schwarzen Schuhe zu tarnen&#8230; darin ist sie eine wahre Meisterin. Letzte Woche wurden sie bei Frau Dr. Barun kastriert und haben alles super \u00fcberstanden. Nun war es doch mal an der Zeit sie davon in Kenntnis zu setzen, dass es den Beiden gut geht!<br><br>WIR W\u00dcNSCHEN DEM GANZEN TEAM EINE BESINNLICHE UND RUHIGE WEIHNACHTSZEIT!!!<br><br>Ganz liebe Gr\u00fc\u00dfe nach Frankfurt<\/p>\n<\/div><\/div>\n\n\n\n<p><strong><a href=\"#zur\u00fcck\">Zur\u00fcck nach oben<\/a><\/strong><br><\/p>\n\n\n\n<p class=\"has-background\" style=\"background-color:#f3f19c\"><strong>Neues von P\u00fcnktchen<\/strong><\/p>\n\n\n\n<div class=\"wp-block-media-text alignwide is-stacked-on-mobile\"><figure class=\"wp-block-media-text__media\"><a href=\"https:\/\/tierheim-nied.de\/wp-content\/uploads\/2021\/07\/Punktchen_019heller.jpg\" rel=\"lightbox-3\"><img loading=\"lazy\" decoding=\"async\" width=\"600\" height=\"450\" src=\"https:\/\/tierheim-nied.de\/wp-content\/uploads\/2021\/07\/Punktchen_019heller.jpg\" alt=\"\" class=\"wp-image-2598 size-full\" srcset=\"https:\/\/tierheim-nied.de\/wp-content\/uploads\/2021\/07\/Punktchen_019heller.jpg 600w, https:\/\/tierheim-nied.de\/wp-content\/uploads\/2021\/07\/Punktchen_019heller-350x263.jpg 350w\" sizes=\"auto, (max-width: 600px) 100vw, 600px\" \/><\/a><\/figure><div class=\"wp-block-media-text__content\">\n<p>Huhu ihr alle!Kennt ihr mich noch? Ich bins P\u00fcnktchen ! Ich muss euch doch ein bisschen von meinem neuen zu Hause erz\u00e4hlen,in dem ich schon seit knapp einem Monat lebe ! In meiner neuen Wohnung gibt es vieeele Verstecke und eine gro\u00dfe Terasse , auf der ich gerne V\u00f6gel beobachte,oder mich einfach nur zum relaxen unter den Tisch verkrieche.Wenn ich nicht grade im Einbauschrank oder auf Michelles Bett d\u00f6se,liege ich auf Klamotten rum oder nutze meinen neu entdeckten Spielsinn um jegliche Sachen zu jagen,oder durch die Wohnung zu hetzen und den Teppich im Flur zu verschieben.Wenn niemand zu Hause ist lege ich mich in Michelles Zimmer auf ihren roten Rucksack und warte bis jemand heimkommt.Auch auf meinem Kratzbaum verbringe ich viel Zeit,liege mal oben mal unten,und beobachte was sich meine &#8222;Dosen\u00f6ffner&#8220; so im Fernsehen anschauen.Alles ist hier ganz interessant.Bitte gr\u00fc\u00dft meine alten Kumpels von mir.Ach,hab ich euch \u00fcberhaupt schon von meinen Dosen\u00f6ffnern erz\u00e4hlt?nein? okay dann mache ich das jetzt : Meine neuen Dosen\u00f6ffner sind richtig cool:Michelle spielt immer mit mir wenn ich will,und auch abends streichelt sie mich bis ich fast schon schlafe.Ab und zu redet sie auch mit mir,das ist echt toll \ud83d\ude00 Naja ich muss aber jetzt weg,meine Kuschelh\u00f6hle ruft \ud83d\ude00&nbsp;&nbsp;Liebe Gr\u00fc\u00dfe aus Griesheim von P\u00fcnktchen =)<\/p>\n<\/div><\/div>\n\n\n\n<p><strong><a href=\"#zur\u00fcck\">Zur\u00fcck nach oben<\/a><\/strong><br><\/p>\n\n\n\n<p class=\"has-background\" style=\"background-color:#f3f19c\"><strong>NONO (jetzt: Romeo)<\/strong><\/p>\n\n\n\n<div class=\"wp-block-media-text alignwide has-media-on-the-right is-stacked-on-mobile\"><div class=\"wp-block-media-text__content\">\n<p>Hallo Frau Czech, Hallo Frau Preis, hier sind nun endlich die versprochenen Fotos von Nono (\u2026 er heisst allerdings jetzt Romeo). Es ist wirklich ein Schatz!!!! Ida (ihr hattet sie im Mai in Pflege) ist leider inzwischen im Alter von 9,5 Jahren an Krebs gestorben. Romeo hat Ihr aber sehr geholfen. Die beiden haben sich wunderbar vertragen. Damit Romeo nicht so allein ist, habe ich vom TSV Frankfurt Gilda als Partnerin f\u00fcr Romeo ausgesucht. Die beiden vertragen sich zwar noch nicht 100 %, aber es wird langsam. Man muss halt manchal etwas mehr Geduld haben. Wir m\u00f6gen schlie\u00dflich auch nicht jeden auf Anhieb. Alles liebe f\u00fcr Sie!<\/p>\n<\/div><figure class=\"wp-block-media-text__media\"><a href=\"https:\/\/tierheim-nied.de\/wp-content\/uploads\/2021\/07\/Diverse-3_005.jpg\" rel=\"lightbox-4\"><img loading=\"lazy\" decoding=\"async\" width=\"480\" height=\"360\" src=\"https:\/\/tierheim-nied.de\/wp-content\/uploads\/2021\/07\/Diverse-3_005.jpg\" alt=\"\" class=\"wp-image-2613 size-full\" srcset=\"https:\/\/tierheim-nied.de\/wp-content\/uploads\/2021\/07\/Diverse-3_005.jpg 480w, https:\/\/tierheim-nied.de\/wp-content\/uploads\/2021\/07\/Diverse-3_005-350x263.jpg 350w\" sizes=\"auto, (max-width: 480px) 100vw, 480px\" \/><\/a><\/figure><\/div>\n\n\n\n<p><strong><a href=\"#zur\u00fcck\">Zur\u00fcck nach oben<\/a><\/strong><br><\/p>\n\n\n\n<p class=\"has-background\" style=\"background-color:#f3f19c\"><strong>Tommy und Georgina<\/strong><\/p>\n\n\n\n<div class=\"wp-block-media-text alignwide is-stacked-on-mobile\"><figure class=\"wp-block-media-text__media\"><img loading=\"lazy\" decoding=\"async\" width=\"648\" height=\"444\" src=\"https:\/\/tierheim-nied.de\/wp-content\/uploads\/2021\/07\/tommy.jpg\" alt=\"\" class=\"wp-image-2617 size-full\" srcset=\"https:\/\/tierheim-nied.de\/wp-content\/uploads\/2021\/07\/tommy.jpg 648w, https:\/\/tierheim-nied.de\/wp-content\/uploads\/2021\/07\/tommy-350x240.jpg 350w\" sizes=\"auto, (max-width: 648px) 100vw, 648px\" \/><\/figure><div class=\"wp-block-media-text__content\">\n<p>Hallo liebes Tierheim- Team,<br>wir wollten euch gerne mitteilen, wie es den beiden&nbsp;Kaninchen Tommy und Georgina geht, die am letzten Donnerstag zu uns kamen. Sie haben am fr\u00fchen Donnerstag abend neugierig ihren neuen Stall bezogen. Der Stall hat einen tags\u00fcber zug\u00e4nglichen Freilauf, der \u00fcber eine Rampe zu erreichen ist. Das erste Mal hat es die zwei viel \u00dcberwindung gekostet die Rampe zu benutzen, inzwischen gehen sie ganz selbstverst\u00e4ndlich dar\u00fcber und haben bereits am ersten Tag herausgefunden, dass man die Rampe auch anknabbern kann? Ansonsten buddeln sie wie die Weltmeister und haben schnell die von uns eingegrabene ?Durchbuddelsicherung? erreicht. Georgina ist schon jetzt sehr zahm geworden, so dass sie sogar zu uns gehoppelt kommt, wenn sie unter Aufsicht im ganzen Garten laufen darf. Dann l\u00e4sst sie sich knuddeln und wenn es ihr reicht, h\u00fcpft sie weiter ihrem Tommy hinterher. Tommy l\u00e4sst sich im Stall auch gerne mal kraulen, kommt aber noch nicht freiwillig angehopst. Wir denken aber, dass das auch noch was wird, sie sind ja nicht mal eine Woche bei uns. Tommy ist sehr gl\u00fccklich und zeigt gro\u00dfe Ausdauer, wenn er im Garten hoppeln kann, dann macht er meterhohe Luftspr\u00fcnge. Sie f\u00fchlen sich also beide recht wohl bei uns. Vielen Dank noch mal f\u00fcr die Vermittlung.<br><br>Liebe Gr\u00fc\u00dfe Jochen und Jasmin Stahl<\/p>\n<\/div><\/div>\n\n\n\n<p><strong><a href=\"#zur\u00fcck\">Zur\u00fcck nach oben<\/a><\/strong><br><\/p>\n\n\n\n<p class=\"has-background\" style=\"background-color:#f3f19c\"><strong>Balu<\/strong><\/p>\n\n\n\n<div class=\"wp-block-media-text alignwide has-media-on-the-right is-stacked-on-mobile\"><div class=\"wp-block-media-text__content\">\n<p>Einen sch\u00f6nen guten Tag Frau Czech,<br>wir wollten uns schon lange melden und berichten wie es Balu geht. Heute schaffe ich es endlich. Balu kam 14.10.2007 zu uns. Es war ja Liebe auf den ersten Blick zwischen uns allen. Die ersten Tage bzw. N\u00e4chte waren aber schon sehr anstrengend. Balu ist halt ein Kater der ab und an sehr laut ist,grins. Aber er war auch von Anfang an der Schmusekater, genauso wie wir Ihn im Tierheim kennengelernt haben. Raus durfte er dann schon nach drei Wochen. Am Anfang gab es wohl die \u00fcblichen &#8222;Revierk\u00e4mpfe&#8220; draussen. Er mu\u00dfte ja erstmal sein Revier finden und such bekannt machen mit den Katzen in dieser Gegend:-). Er bekam dann noch eine Bindehautentz\u00fcndung, vermutlich von dem Stre\u00df wie die Tier\u00e4rztin sagte. Aber auch die haben wir schnell in den Griff bekommen. Wir sind sehr froh das Balu uns ausgesucht hat. Er ist eigentlich der absolute &#8220; Vorzeigekater&#8220;. Immer sehr verschmust, er liebt Kinder \u00fcber alles. Das freut vor allem unseren Sohn, die beiden sind ein Herz und eine Seele. Niemand von der Familie wird von seinen Schmuseattacken verschont. Er hat sich sehr gut eingelebt hier bei uns. Nachts ist er die meiste zeit unterwegs. Auch die ersten M\u00e4use landeten schon bei uns in der Wohnung:-). Jeder der zu Besuch kommt ist gleich angetan von diesem h\u00fcbschen Kerl. Er hat unser Leben sehr bereichert, und wir sind froh das wir die ersten sehr anstrengenden N\u00e4chte mit Ihm durchgehalten haben. Nun, dann w\u00fcnschen wir Ihnen und Ihrem Team noch alles gute f\u00fcr die Zukunft. Und hoffe das noch viele Leute wie wir das Gl\u00fcck haben &#8222;Ihre Katze bzw. Ihren Kater&#8220; bei Ihnen zu finden.<br>Mit freundlichen Gr\u00fc\u00dfen<br>Fam. Reinhard<\/p>\n<\/div><figure class=\"wp-block-media-text__media\"><a href=\"https:\/\/tierheim-nied.de\/wp-content\/uploads\/2021\/07\/Balu.jpg\" rel=\"lightbox-5\"><img loading=\"lazy\" decoding=\"async\" width=\"512\" height=\"384\" src=\"https:\/\/tierheim-nied.de\/wp-content\/uploads\/2021\/07\/Balu.jpg\" alt=\"\" class=\"wp-image-2621 size-full\" srcset=\"https:\/\/tierheim-nied.de\/wp-content\/uploads\/2021\/07\/Balu.jpg 512w, https:\/\/tierheim-nied.de\/wp-content\/uploads\/2021\/07\/Balu-350x263.jpg 350w\" sizes=\"auto, (max-width: 512px) 100vw, 512px\" \/><\/a><\/figure><\/div>\n\n\n\n<p><strong><a href=\"#zur\u00fcck\">Zur\u00fcck nach oben<\/a><\/strong><br><\/p>\n\n\n\n<p class=\"has-background\" style=\"background-color:#f3f19c\"><strong>Angie<\/strong><\/p>\n\n\n\n<div class=\"wp-block-media-text alignwide has-media-on-the-right is-stacked-on-mobile\"><div class=\"wp-block-media-text__content\">\n<p>Hallo Frau Czech,<br>hallo k\u00f6nnen Sie Sich noch an mich erinnern?<br>Ja genau die bin ich die graugetigerte alte Katze die vor gut 2 Jahren sich im Fernsehen vorstellen d\u00fcrfte.<br>Nun mittlerweile werde ich ja auch schon 31 Jahre alt aber es geht mir doch recht gut.<br>Ich gehe im Moment nicht mehr so oft raus , liege lieber auf meiner Couch oder auf meiner Heizung aber wenn es jetzt bald w\u00e4rmer wird dann kann man mich wieder auf meinem Balkon in der Sonne liegend finden.<br>Damals hat mich mein neues Herrchen im Fernsehen gefunden und tags drauf kam er mich dann bei uns im Tierheim besuchen.<br>Ich hatte Ihn sofort adoptiert und wohne seit dem in Bingen.<br>&nbsp;<br>Ich schicke Ihnen noch ein neues Bild von mir im Anhang mit.<br>&nbsp;<br>&nbsp;<br>Liebe Katzengr\u00fc\u00dfe aus Bingen am Rhein sendet Ihnen bzw. Euch Angie (die wohl \u00e4lteste Katze)<\/p>\n<\/div><figure class=\"wp-block-media-text__media\"><a href=\"https:\/\/tierheim-nied.de\/wp-content\/uploads\/2021\/07\/Angie_31_J.jpg\" rel=\"lightbox-6\"><img loading=\"lazy\" decoding=\"async\" width=\"512\" height=\"384\" src=\"https:\/\/tierheim-nied.de\/wp-content\/uploads\/2021\/07\/Angie_31_J.jpg\" alt=\"\" class=\"wp-image-2625 size-full\" srcset=\"https:\/\/tierheim-nied.de\/wp-content\/uploads\/2021\/07\/Angie_31_J.jpg 512w, https:\/\/tierheim-nied.de\/wp-content\/uploads\/2021\/07\/Angie_31_J-350x263.jpg 350w\" sizes=\"auto, (max-width: 512px) 100vw, 512px\" \/><\/a><\/figure><\/div>\n\n\n\n<div class=\"wp-block-media-text alignwide is-stacked-on-mobile\"><figure class=\"wp-block-media-text__media\"><a href=\"https:\/\/tierheim-nied.de\/wp-content\/uploads\/2021\/07\/Angie_28_J.jpg\" rel=\"lightbox-7\"><img loading=\"lazy\" decoding=\"async\" width=\"559\" height=\"462\" src=\"https:\/\/tierheim-nied.de\/wp-content\/uploads\/2021\/07\/Angie_28_J.jpg\" alt=\"\" class=\"wp-image-2627 size-full\" srcset=\"https:\/\/tierheim-nied.de\/wp-content\/uploads\/2021\/07\/Angie_28_J.jpg 559w, https:\/\/tierheim-nied.de\/wp-content\/uploads\/2021\/07\/Angie_28_J-350x289.jpg 350w\" sizes=\"auto, (max-width: 559px) 100vw, 559px\" \/><\/a><\/figure><div class=\"wp-block-media-text__content\">\n<p>Das war Angie, als sie vor ca. 2 Jahren zu uns ins Tierheim kam. Sie kam zu uns, da ihr Frauchen, dass sie als Babyk\u00e4tzchen vom Bauernhof hatte, ins Altersheim gekommen ist. Als wir erfahren haben, dass sie schon \u00fcber 28 Jahre alt ist, wollten wir es eigentlich gar nicht glauben, aber die Tochter ihrer alten Besitzerin hatte \u201cBeweisfotos\u201d.&nbsp;Sie hat alle Katzen in den R\u00e4umen unterjocht und ihnen m\u00e4chtig Benehmen beigebracht. Von wegen mit alten Katzendamen kann mans machen&#8230;<\/p>\n\n\n\n<p>Wir freuen uns sehr, dass es ihr immer noch gut geht, obwohl man ihr ihre Jahre jetzt auch ein wenig ansieht.<\/p>\n<\/div><\/div>\n\n\n\n<p><strong><a href=\"#zur\u00fcck\">Zur\u00fcck nach oben<\/a><\/strong><br><\/p>\n\n\n\n<p class=\"has-background\" style=\"background-color:#f3f19c\"><strong>Katja<\/strong><\/p>\n\n\n\n<div class=\"wp-block-media-text alignwide has-media-on-the-right is-stacked-on-mobile\"><div class=\"wp-block-media-text__content\">\n<p>Hallo liebes Tierheim-Team,<\/p>\n\n\n\n<p>anbei ein kleiner Bericht und ein Bild von unserem Sch\u00e4tzchen. Nach der aufregenden ersten Woche hat sie sich sehr sch\u00f6n ins Familienleben integriert, auf deutsch: sie konnte nach 7 Tagen uns alle perfekt beherrschen und uns um den Finger wickeln. Kurzum, sie hat den Direktorenposten komplett \u00fcbernommen\u2026. Wegen ihrer doch recht launischen, kindlichen Art wird sie abwechselnd als Katharina Amalia, Prinzessin Samtpfote oder aber als Lara Croft bezeichnet. Beissen und Kratzen kann sie perfekt und beim Schmusen k\u00f6nnten manche &#8222;Schmachtfilmemacher&#8220; etwas abgucken. Also, wie Ihr seht, es ist eine perfekte Harmonie. Es war eine Liebe auf dem ersten &#8222;Treff&#8220;, von unserer Seite, aber auch von ihrer Seite heraus. Vielen Dank nochmal und wir w\u00fcnschen alles-alles Gute f\u00fcr Euch Alle und Eure &#8222;Pflegelinge&#8220;.<\/p>\n\n\n\n<p>Gru\u00df Familie Zimmer<\/p>\n<\/div><figure class=\"wp-block-media-text__media\"><a href=\"https:\/\/tierheim-nied.de\/wp-content\/uploads\/2021\/07\/Katja190108.jpg\" rel=\"lightbox-8\"><img loading=\"lazy\" decoding=\"async\" width=\"512\" height=\"384\" src=\"https:\/\/tierheim-nied.de\/wp-content\/uploads\/2021\/07\/Katja190108.jpg\" alt=\"\" class=\"wp-image-2631 size-full\" srcset=\"https:\/\/tierheim-nied.de\/wp-content\/uploads\/2021\/07\/Katja190108.jpg 512w, https:\/\/tierheim-nied.de\/wp-content\/uploads\/2021\/07\/Katja190108-350x263.jpg 350w\" sizes=\"auto, (max-width: 512px) 100vw, 512px\" \/><\/a><\/figure><\/div>\n\n\n\n<p><strong><a href=\"#zur\u00fcck\">Zur\u00fcck nach oben<\/a><\/strong><br><\/p>\n\n\n\n<p class=\"has-background\" style=\"background-color:#f3f19c\"><strong>Gregor und Gisi<\/strong><\/p>\n\n\n\n<div class=\"wp-block-media-text alignwide is-stacked-on-mobile\"><figure class=\"wp-block-media-text__media\"><a href=\"https:\/\/tierheim-nied.de\/wp-content\/uploads\/2021\/07\/GregorRegal.jpg\" rel=\"lightbox-9\"><img loading=\"lazy\" decoding=\"async\" width=\"519\" height=\"379\" src=\"https:\/\/tierheim-nied.de\/wp-content\/uploads\/2021\/07\/GregorRegal.jpg\" alt=\"\" class=\"wp-image-2634 size-full\" srcset=\"https:\/\/tierheim-nied.de\/wp-content\/uploads\/2021\/07\/GregorRegal.jpg 519w, https:\/\/tierheim-nied.de\/wp-content\/uploads\/2021\/07\/GregorRegal-350x256.jpg 350w\" sizes=\"auto, (max-width: 519px) 100vw, 519px\" \/><\/a><\/figure><div class=\"wp-block-media-text__content\">\n<p>Liebes Tierheimteam,<br><br>Gregor und Gisi sind nun seit 5 Wochen bei uns und wir haben die beiden fest in unser Herz geschlossen. Gregor ist ein Kampfschmuser und sehr smartes B\u00fcrschchen: kein Schrank, keine Schachtel und kein Regal ist vor ihm sicher.<br><br>Gisi liebt es, uns morgens im Bett mit ihren st\u00fcrmischen Schmuseattacken und lautem Geschnurre zu wecken. Sie ist ein sehr liebes Katzenm\u00e4dchen, hin und wieder zwiebelt sie Gregor jedoch sehr gerne. Ihr Lieblingsspielzeug ist eine Kratzmatte sowie ein roter Schn\u00fcrsenkel. Gregor liebt die kleinen pelzigen Spielzeugm\u00e4use mit denen er durch die Wohnung tobt.<\/p>\n<\/div><\/div>\n\n\n\n<div class=\"wp-block-media-text alignwide is-stacked-on-mobile\"><figure class=\"wp-block-media-text__media\"><a href=\"https:\/\/tierheim-nied.de\/wp-content\/uploads\/2021\/07\/GisiCouch.jpg\" rel=\"lightbox-10\"><img loading=\"lazy\" decoding=\"async\" width=\"563\" height=\"422\" src=\"https:\/\/tierheim-nied.de\/wp-content\/uploads\/2021\/07\/GisiCouch.jpg\" alt=\"\" class=\"wp-image-2635 size-full\" srcset=\"https:\/\/tierheim-nied.de\/wp-content\/uploads\/2021\/07\/GisiCouch.jpg 563w, https:\/\/tierheim-nied.de\/wp-content\/uploads\/2021\/07\/GisiCouch-350x262.jpg 350w\" sizes=\"auto, (max-width: 563px) 100vw, 563px\" \/><\/a><\/figure><div class=\"wp-block-media-text__content\">\n<p>Dank der guten Pflege in ihrem Tierheim, konnten wir die beiden weiter aufpeppeln und Gisi als auch Gregor sind auf dem besten Weg, gesunde und stolze Vertreter des Katzenvolkes zu werden. Greogor, den es gesundheitlich schlimmer gebeutelt hatte, konnte bereits ein halbes Kilo zulegen. Nachdem ihm Polypen aus dem linken Ohr entfernt wurden, ist die Ohrenentz\u00fcndung auch bald auskuriert.<br><br>Sie machen ihren Namen alle Ehre, denn es gibt einige gemeinsame politischen Ziele zwischen Gregor Gisi und Gregor und Gisi: &#8222;Einf\u00fchrung eines Rechtanspruchs auf ein warmes Pl\u00e4tzchen und liebevolles Zuhause, gerechte Verteilung der Futtermittel und Zuteilung unbegrenzter Streicheleinheiten f\u00fcr alle.&#8220; Daher fand nat\u00fcrlich gleich ein Autogrammaustausch statt.<br><br>Also, getreu dem Motto \u201eF\u00fcr gutes Futter und ausgiebige Spiel- und Streicheleinheiten immer bereit\u201c gr\u00fc\u00dfen Sie und Tier\u00e4rztin Frau Dr. Braun Kampfschmuser Gregor und Gisi sowie die Dosen\u00f6ffner Gerhard und Jessica Jaekel-Badouin<\/p>\n<\/div><\/div>\n\n\n\n<p><strong><a href=\"#zur\u00fcck\">Zur\u00fcck nach oben<\/a><\/strong><br><\/p>\n\n\n\n<p><strong>Jamsi<\/strong><\/p>\n\n\n\n<div class=\"wp-block-media-text alignwide has-media-on-the-right is-stacked-on-mobile\"><div class=\"wp-block-media-text__content\">\n<p>Liebes Tierheim-Nied Team,<br>&nbsp;<br>viele Gr\u00fc\u00dfe von mir, dem Jamsi. Ich hei\u00dfe jetzt aber Tommy. Ich bin jetzt schon seit \u00fcber 2 Monaten bei meiner neuen Familie und ich f\u00fchle mich pudelwohl.<br>Apropo Pudel, es gibt hier auch einen Hund, der Primo. Mit dem verstehe ich mich aber gut.<br>Wir liegen sogar manchmal zusammen auf der Couch.<br>Es gibt hier auch einen Garten, der sieht echt toll aus aber ich habe mich noch nicht richtig rausgetraut.<br>Meine Familie sagt, ich bin ein echt toller, kuschliger, s\u00fc\u00dfer Kater. Der Beste den es gibt!<\/p>\n<\/div><figure class=\"wp-block-media-text__media\"><a href=\"https:\/\/tierheim-nied.de\/wp-content\/uploads\/2021\/07\/Jamsi_2.jpg\" rel=\"lightbox-11\"><img loading=\"lazy\" decoding=\"async\" width=\"614\" height=\"461\" src=\"https:\/\/tierheim-nied.de\/wp-content\/uploads\/2021\/07\/Jamsi_2.jpg\" alt=\"\" class=\"wp-image-2639 size-full\" srcset=\"https:\/\/tierheim-nied.de\/wp-content\/uploads\/2021\/07\/Jamsi_2.jpg 614w, https:\/\/tierheim-nied.de\/wp-content\/uploads\/2021\/07\/Jamsi_2-350x263.jpg 350w\" sizes=\"auto, (max-width: 614px) 100vw, 614px\" \/><\/a><\/figure><\/div>\n\n\n\n<div class=\"wp-block-media-text alignwide has-media-on-the-right is-stacked-on-mobile\"><div class=\"wp-block-media-text__content\">\n<p>Ich bin ganz froh, dass ihr mich zu dieser Familie vermittelt habt. Denn die habe ich schon ganz gut im Griff.<br>Ich darf im Bett schlafen, kriege leckeres Essen und hole mir jeden Tag meine Kuscheleinheiten.&nbsp;<br>Als Erinnerung schicke ich euch ein paar Fotos von mir.<br>&nbsp;<br>Danke sch\u00f6n und viele Gr\u00fc\u00dfe an meine Kumpels im Tierheim \ud83d\ude42<br>&nbsp;<br>Gru\u00df, Tommy.<\/p>\n<\/div><figure class=\"wp-block-media-text__media\"><a href=\"https:\/\/tierheim-nied.de\/wp-content\/uploads\/2021\/07\/Jams1.jpg\" rel=\"lightbox-12\"><img loading=\"lazy\" decoding=\"async\" width=\"614\" height=\"461\" src=\"https:\/\/tierheim-nied.de\/wp-content\/uploads\/2021\/07\/Jams1.jpg\" alt=\"\" class=\"wp-image-2640 size-full\" srcset=\"https:\/\/tierheim-nied.de\/wp-content\/uploads\/2021\/07\/Jams1.jpg 614w, https:\/\/tierheim-nied.de\/wp-content\/uploads\/2021\/07\/Jams1-350x263.jpg 350w\" sizes=\"auto, (max-width: 614px) 100vw, 614px\" \/><\/a><\/figure><\/div>\n\n\n\n<p><strong><a href=\"#zur\u00fcck\">Zur\u00fcck nach oben<\/a><\/strong><br><\/p>\n\n\n\n<p class=\"has-background\" style=\"background-color:#f3f19c\"><strong>P\u00fcnktchen<\/strong><\/p>\n\n\n\n<div class=\"wp-block-media-text alignwide is-stacked-on-mobile\"><figure class=\"wp-block-media-text__media\"><a href=\"https:\/\/tierheim-nied.de\/wp-content\/uploads\/2021\/07\/Punktchen363.jpg\" rel=\"lightbox-13\"><img loading=\"lazy\" decoding=\"async\" width=\"320\" height=\"240\" src=\"https:\/\/tierheim-nied.de\/wp-content\/uploads\/2021\/07\/Punktchen363.jpg\" alt=\"\" class=\"wp-image-2643 size-full\"\/><\/a><\/figure><div class=\"wp-block-media-text__content\">\n<p>Huhu ihr alle!Kennt ihr mich noch? Ich bins P\u00fcnktchen ! Ich muss euch doch ein bisschen von meinem neuen zu Hause erz\u00e4hlen,in dem ich schon seit knapp einem Monat lebe ! In meiner neuen Wohnung gibt es vieeele Verstecke und eine gro\u00dfe Terasse , auf der ich gerne V\u00f6gel beobachte,oder mich einfach nur zum relaxen unter den Tisch verkrieche.Wenn ich nicht grade im Einbauschrank oder auf Michelles Bett d\u00f6se,liege ich auf Klamotten rum oder nutze meinen neu entdeckten Spielsinn um jegliche Sachen zu jagen,oder durch die Wohnung zu hetzen und den Teppich im Flur zu verschieben.Wenn niemand zu Hause ist lege ich mich in Michelles Zimmer auf ihren roten Rucksack und warte bis jemand heimkommt.Auch auf meinem Kratzbaum verbringe ich viel Zeit,liege mal oben mal unten,und beobachte was sich meine &#8222;Dosen\u00f6ffner&#8220; so im Fernsehen anschauen.Alles ist hier ganz interessant.Bitte gr\u00fc\u00dft meine alten Kumpels von mir.Ach,hab ich euch \u00fcberhaupt schon von meinen Dosen\u00f6ffnern erz\u00e4hlt?nein? okay dann mache ich das jetzt : Meine neuen Dosen\u00f6ffner sind richtig cool:Michelle spielt immer mit mir wenn ich will,und auch abends streichelt sie mich bis ich fast schon schlafe.Ab und zu redet sie auch mit mir,das ist echt toll \ud83d\ude00 Naja ich muss aber jetzt weg,meine Kuschelh\u00f6hle ruft \ud83d\ude00<br>&nbsp;<br>Liebe Gr\u00fc\u00dfe aus Griesheim von P\u00fcnktchen =)<\/p>\n<\/div><\/div>\n\n\n\n<p><strong><a href=\"#zur\u00fcck\">Zur\u00fcck nach oben<\/a><\/strong><br><\/p>\n\n\n\n<p class=\"has-background\" style=\"background-color:#f3f19c\"><strong>Pip und Pop<\/strong><\/p>\n\n\n\n<p>Hallo Frau Decken,<br><br>viele liebe Gr\u00fc\u00dfe von Pip und Pop. Wir sind einfach nur gl\u00fccklich mit den beiden. Es k\u00f6nnten keine besseren Kaninchen sein :O)<br>Zur Zeit gehen sie den ganzen Tag im Garten spazieren. Buddeln im Sandkasten, verstecken sich im Blumenbeet (wir brauchen manchmal Ewigkeiten, um sie zu finden) oder fetzen \u00fcber die Wiese. Es macht einfach nur Spa\u00df.<br><br>Ganz herzliche Gr\u00fc\u00dfe von uns allen<br>Familie Baumann<\/p>\n\n\n\n<div class=\"wp-block-columns is-layout-flex wp-container-core-columns-is-layout-9d6595d7 wp-block-columns-is-layout-flex\">\n<div class=\"wp-block-column is-layout-flow wp-block-column-is-layout-flow\">\n<figure class=\"wp-block-image size-large\"><a href=\"https:\/\/tierheim-nied.de\/wp-content\/uploads\/2021\/07\/Pop.jpg\" rel=\"lightbox-14\"><img loading=\"lazy\" decoding=\"async\" width=\"512\" height=\"384\" src=\"https:\/\/tierheim-nied.de\/wp-content\/uploads\/2021\/07\/Pop.jpg\" alt=\"\" class=\"wp-image-2647\" srcset=\"https:\/\/tierheim-nied.de\/wp-content\/uploads\/2021\/07\/Pop.jpg 512w, https:\/\/tierheim-nied.de\/wp-content\/uploads\/2021\/07\/Pop-350x263.jpg 350w\" sizes=\"auto, (max-width: 512px) 100vw, 512px\" \/><\/a><\/figure>\n<\/div>\n\n\n\n<div class=\"wp-block-column is-layout-flow wp-block-column-is-layout-flow\">\n<figure class=\"wp-block-image size-large\"><a href=\"https:\/\/tierheim-nied.de\/wp-content\/uploads\/2021\/07\/Pip.jpg\" rel=\"lightbox-15\"><img loading=\"lazy\" decoding=\"async\" width=\"512\" height=\"384\" src=\"https:\/\/tierheim-nied.de\/wp-content\/uploads\/2021\/07\/Pip.jpg\" alt=\"\" class=\"wp-image-2648\" srcset=\"https:\/\/tierheim-nied.de\/wp-content\/uploads\/2021\/07\/Pip.jpg 512w, https:\/\/tierheim-nied.de\/wp-content\/uploads\/2021\/07\/Pip-350x263.jpg 350w\" sizes=\"auto, (max-width: 512px) 100vw, 512px\" \/><\/a><\/figure>\n<\/div>\n<\/div>\n\n\n\n<p><strong><a href=\"#zur\u00fcck\">Zur\u00fcck nach oben<\/a><\/strong><br><\/p>\n\n\n\n<p class=\"has-background\" style=\"background-color:#f3f19c\"><strong>Peterson und Findus<\/strong><\/p>\n\n\n\n<div class=\"wp-block-columns is-layout-flex wp-container-core-columns-is-layout-9d6595d7 wp-block-columns-is-layout-flex\">\n<div class=\"wp-block-column is-layout-flow wp-block-column-is-layout-flow\">\n<figure class=\"wp-block-image size-large\"><a href=\"https:\/\/tierheim-nied.de\/wp-content\/uploads\/2021\/07\/Peterson_und_Findus.jpg\" rel=\"lightbox-16\"><img loading=\"lazy\" decoding=\"async\" width=\"497\" height=\"373\" src=\"https:\/\/tierheim-nied.de\/wp-content\/uploads\/2021\/07\/Peterson_und_Findus.jpg\" alt=\"\" class=\"wp-image-2649\" srcset=\"https:\/\/tierheim-nied.de\/wp-content\/uploads\/2021\/07\/Peterson_und_Findus.jpg 497w, https:\/\/tierheim-nied.de\/wp-content\/uploads\/2021\/07\/Peterson_und_Findus-350x263.jpg 350w\" sizes=\"auto, (max-width: 497px) 100vw, 497px\" \/><\/a><\/figure>\n<\/div>\n\n\n\n<div class=\"wp-block-column is-layout-flow wp-block-column-is-layout-flow\">\n<figure class=\"wp-block-image size-large\"><a href=\"https:\/\/tierheim-nied.de\/wp-content\/uploads\/2021\/07\/Peterson_und_Findus_4.jpg\" rel=\"lightbox-17\"><img loading=\"lazy\" decoding=\"async\" width=\"497\" height=\"373\" src=\"https:\/\/tierheim-nied.de\/wp-content\/uploads\/2021\/07\/Peterson_und_Findus_4.jpg\" alt=\"\" class=\"wp-image-2650\" srcset=\"https:\/\/tierheim-nied.de\/wp-content\/uploads\/2021\/07\/Peterson_und_Findus_4.jpg 497w, https:\/\/tierheim-nied.de\/wp-content\/uploads\/2021\/07\/Peterson_und_Findus_4-350x263.jpg 350w\" sizes=\"auto, (max-width: 497px) 100vw, 497px\" \/><\/a><\/figure>\n<\/div>\n<\/div>\n\n\n\n<p>Hallo Frau Czech,<\/p>\n\n\n\n<p>Peterson &amp; Findus scheinen sich &#8222;sauwohl&#8220; zu f\u00fchlen. Die Integration scheint gut geklappt zu haben. Es gibt keinen \u00c4rger und alle scheinen sich gut zu verstehen.<br>Der Ausgang im Zimmer au\u00dferhalb des K\u00e4figs wird sehr genossen. Die 2 h\u00fcpfen wie Kaninchen. Wir werden auch den K\u00e4fig in Eigenbau vergr\u00f6\u00dfern. Anbei die neuesten Fotos.<\/p>\n\n\n\n<p>Viele Gr\u00fc\u00dfe<br>von<br>Christine, Tim &amp; Bernd Wingenfeld<\/p>\n\n\n\n<div class=\"wp-block-columns is-layout-flex wp-container-core-columns-is-layout-9d6595d7 wp-block-columns-is-layout-flex\">\n<div class=\"wp-block-column is-layout-flow wp-block-column-is-layout-flow\">\n<figure class=\"wp-block-image size-large\"><a href=\"https:\/\/tierheim-nied.de\/wp-content\/uploads\/2021\/07\/Peterson_und_Findus1.jpg\" rel=\"lightbox-18\"><img loading=\"lazy\" decoding=\"async\" width=\"662\" height=\"497\" src=\"https:\/\/tierheim-nied.de\/wp-content\/uploads\/2021\/07\/Peterson_und_Findus1.jpg\" alt=\"\" class=\"wp-image-2651\" srcset=\"https:\/\/tierheim-nied.de\/wp-content\/uploads\/2021\/07\/Peterson_und_Findus1.jpg 662w, https:\/\/tierheim-nied.de\/wp-content\/uploads\/2021\/07\/Peterson_und_Findus1-350x263.jpg 350w\" sizes=\"auto, (max-width: 662px) 100vw, 662px\" \/><\/a><\/figure>\n<\/div>\n\n\n\n<div class=\"wp-block-column is-layout-flow wp-block-column-is-layout-flow\">\n<figure class=\"wp-block-image size-large\"><a href=\"https:\/\/tierheim-nied.de\/wp-content\/uploads\/2021\/07\/Peterson_und_Findus_2.jpg\" rel=\"lightbox-19\"><img loading=\"lazy\" decoding=\"async\" width=\"497\" height=\"373\" src=\"https:\/\/tierheim-nied.de\/wp-content\/uploads\/2021\/07\/Peterson_und_Findus_2.jpg\" alt=\"\" class=\"wp-image-2652\" srcset=\"https:\/\/tierheim-nied.de\/wp-content\/uploads\/2021\/07\/Peterson_und_Findus_2.jpg 497w, https:\/\/tierheim-nied.de\/wp-content\/uploads\/2021\/07\/Peterson_und_Findus_2-350x263.jpg 350w\" sizes=\"auto, (max-width: 497px) 100vw, 497px\" \/><\/a><\/figure>\n<\/div>\n<\/div>\n\n\n\n<p><strong><a href=\"#zur\u00fcck\">Zur\u00fcck nach oben<\/a><\/strong><br><\/p>\n\n\n\n<p class=\"has-background\" style=\"background-color:#f3f19c\"><strong>Sissi<\/strong><\/p>\n\n\n\n<div class=\"wp-block-columns is-layout-flex wp-container-core-columns-is-layout-9d6595d7 wp-block-columns-is-layout-flex\">\n<div class=\"wp-block-column is-layout-flow wp-block-column-is-layout-flow\">\n<figure class=\"wp-block-image size-large\"><a href=\"https:\/\/tierheim-nied.de\/wp-content\/uploads\/2021\/07\/Sissi2.jpg\" rel=\"lightbox-20\"><img loading=\"lazy\" decoding=\"async\" width=\"415\" height=\"311\" src=\"https:\/\/tierheim-nied.de\/wp-content\/uploads\/2021\/07\/Sissi2.jpg\" alt=\"\" class=\"wp-image-2655\" srcset=\"https:\/\/tierheim-nied.de\/wp-content\/uploads\/2021\/07\/Sissi2.jpg 415w, https:\/\/tierheim-nied.de\/wp-content\/uploads\/2021\/07\/Sissi2-350x262.jpg 350w\" sizes=\"auto, (max-width: 415px) 100vw, 415px\" \/><\/a><\/figure>\n<\/div>\n\n\n\n<div class=\"wp-block-column is-layout-flow wp-block-column-is-layout-flow\">\n<figure class=\"wp-block-image size-large\"><a href=\"https:\/\/tierheim-nied.de\/wp-content\/uploads\/2021\/07\/Sissi1.jpg\" rel=\"lightbox-21\"><img loading=\"lazy\" decoding=\"async\" width=\"415\" height=\"311\" src=\"https:\/\/tierheim-nied.de\/wp-content\/uploads\/2021\/07\/Sissi1.jpg\" alt=\"\" class=\"wp-image-2656\" srcset=\"https:\/\/tierheim-nied.de\/wp-content\/uploads\/2021\/07\/Sissi1.jpg 415w, https:\/\/tierheim-nied.de\/wp-content\/uploads\/2021\/07\/Sissi1-350x262.jpg 350w\" sizes=\"auto, (max-width: 415px) 100vw, 415px\" \/><\/a><\/figure>\n<\/div>\n<\/div>\n\n\n\n<p>Hallo, liebes Tierheim-Team,<br>anbei schon einmal die ersten Bilder von Sissi, die seit Samstag Abend bei uns ist. Sicherlich kennen Sie sie nur als verst\u00f6rte Katze, die sich in der hinteren Ecke des Quarant\u00e4nezimmers versteckt. Keine 10 Minuten sp\u00e4ter nach Ankunft bei uns hatte sie schon alles genauestens inspiziert und es sich dann auf der Couch neben bzw. auf &#8222;Frauchen&#8220; bequem gemacht. Ob sie sich wohlf\u00fchlt, k\u00f6nnen Sie sicher auf den Bildern erkennen. Sie frisst auch gut und das Katzenklo findet sie immer.<br>Wir haben nun doch einen neuen Namen f\u00fcr sie gefunden, &#8222;Miss Marple&#8220; pa\u00dft besser zu ihr, denken wir.<br>H\u00e4tten Sie evtl. doch noch eine Kontaktadresse von der Verwandtschaft der Vorg\u00e4ngerin? W\u00fcrde gerne der alten Dame mitteilen, dass es ihrer Katze gut geht. Wenn ich so lange so ein anh\u00e4ngliches Tier gehabt h\u00e4tte, w\u00e4re es f\u00fcr mich auch sehr wichtig, mein Tier in guten H\u00e4nden zu wissen. Irgendjemand muss die Katze ja f\u00fcr die alte Dame abgegeben haben.<\/p>\n\n\n\n<p>Ihnen allen eine sch\u00f6ne Woche und viele Gr\u00fc\u00dfe<br>Kerstin und<br>Martin<\/p>\n\n\n\n<div class=\"wp-block-columns is-layout-flex wp-container-core-columns-is-layout-9d6595d7 wp-block-columns-is-layout-flex\">\n<div class=\"wp-block-column is-layout-flow wp-block-column-is-layout-flow\">\n<figure class=\"wp-block-image size-large\"><a href=\"https:\/\/tierheim-nied.de\/wp-content\/uploads\/2021\/07\/Sissi3.jpg\" rel=\"lightbox-22\"><img loading=\"lazy\" decoding=\"async\" width=\"415\" height=\"311\" src=\"https:\/\/tierheim-nied.de\/wp-content\/uploads\/2021\/07\/Sissi3.jpg\" alt=\"\" class=\"wp-image-2657\" srcset=\"https:\/\/tierheim-nied.de\/wp-content\/uploads\/2021\/07\/Sissi3.jpg 415w, https:\/\/tierheim-nied.de\/wp-content\/uploads\/2021\/07\/Sissi3-350x262.jpg 350w\" sizes=\"auto, (max-width: 415px) 100vw, 415px\" \/><\/a><\/figure>\n<\/div>\n\n\n\n<div class=\"wp-block-column is-layout-flow wp-block-column-is-layout-flow\">\n<figure class=\"wp-block-image size-large\"><a href=\"https:\/\/tierheim-nied.de\/wp-content\/uploads\/2021\/07\/Sissi.jpg\" rel=\"lightbox-23\"><img loading=\"lazy\" decoding=\"async\" width=\"415\" height=\"311\" src=\"https:\/\/tierheim-nied.de\/wp-content\/uploads\/2021\/07\/Sissi.jpg\" alt=\"\" class=\"wp-image-2658\" srcset=\"https:\/\/tierheim-nied.de\/wp-content\/uploads\/2021\/07\/Sissi.jpg 415w, https:\/\/tierheim-nied.de\/wp-content\/uploads\/2021\/07\/Sissi-350x262.jpg 350w\" sizes=\"auto, (max-width: 415px) 100vw, 415px\" \/><\/a><\/figure>\n<\/div>\n<\/div>\n\n\n\n<p><strong><a href=\"#zur\u00fcck\">Zur\u00fcck nach oben<\/a><\/strong><br><\/p>\n\n\n\n<p class=\"has-background\" style=\"background-color:#f3f19c\"><strong>Cleo (Millie)<\/strong><\/p>\n\n\n\n<div class=\"wp-block-media-text alignwide has-media-on-the-right is-stacked-on-mobile\"><div class=\"wp-block-media-text__content\">\n<p>Vor nunmehr fast einem Jahr bin ich von Euch fortgeholt worden und es wird Zeit Euch zu erz\u00e4hlen, wie es mir in meiner neuen Umgebung geht. Damals hie\u00df ich noch Cleo, aber diesen Namen hat meinem Frauchen gar nicht gepasst. Es hat eine Weile gedauert, bis mir ein Name gefallen hat. Millie hat mir gut gefallen. Auf Millchen h\u00f6re ich sogar auch.<br>Am Anfang hatten mein Frauchen und ich Probleme, uns zu beschnuppern. Sie konnte nicht verstehen, dass ich der Mittelpunkt bin und das nat\u00fcrlich rund um die Uhr. So viel Energie zum Spielen, Toben und nonstop schmusen hatte sie noch nicht erlebt. Die 1. Nacht war eigenartig, ich durfte zwar im Bett schlafen, aber st\u00e4ndig n\u00f6rgelte sie rum, weil ich gestreichelt werden wollte. Dann wurde ich vor die Tuer gesetzt. Das habe ich mir gar nicht gefallen lassen und habe lautstark protestiert. Nach ein paar Tage hatte mein Dosen\u00f6ffner scheinbar keine Lust die Einw\u00e4nde anzuh\u00f6ren und ich kam auf den Balkon.<\/p>\n<\/div><figure class=\"wp-block-media-text__media\"><a href=\"https:\/\/tierheim-nied.de\/wp-content\/uploads\/2021\/07\/Cleo4.jpg\" rel=\"lightbox-24\"><img loading=\"lazy\" decoding=\"async\" width=\"400\" height=\"301\" src=\"https:\/\/tierheim-nied.de\/wp-content\/uploads\/2021\/07\/Cleo4.jpg\" alt=\"\" class=\"wp-image-2661 size-full\" srcset=\"https:\/\/tierheim-nied.de\/wp-content\/uploads\/2021\/07\/Cleo4.jpg 400w, https:\/\/tierheim-nied.de\/wp-content\/uploads\/2021\/07\/Cleo4-350x263.jpg 350w\" sizes=\"auto, (max-width: 400px) 100vw, 400px\" \/><\/a><\/figure><\/div>\n\n\n\n<div class=\"wp-block-media-text alignwide has-media-on-the-right is-stacked-on-mobile\"><div class=\"wp-block-media-text__content\">\n<p>Auch gut, im Park gibt es immer was zu erleben, einen Vogel habe ich schon durchs Katzennetz erwischt und im Wohnzimmer verspeist! Ja, seit dem gehe ich jeden Abend artig auf den Balkon. Jetzt in der kalten Jahreszeit habe ich sogar eine sch\u00f6ne H\u00f6hle \u00fcber mein K\u00f6rbchen bekommen.<br>Leider geht mein Frauchen wieder arbeiten, oft&nbsp;hab ich M\u00fche mir den Tag zu vertreiben. Jedoch habe ich heraus gefunden, was ich so machen kann: Da bietet sich der M\u00fclleimer nach Leckerbissen an, die Klorolle quer in der Wohnung zu verteilen, Kartons anknabbern oder auch einfach auf dem K\u00fcchentisch nach K\u00f6stlichkeiten zu suchen \u2013 dass Letzte ist aber mittlerweile langweilig geworden, denn mein Dosen\u00f6ffner r\u00e4umt alles weg. Hin u wieder bekomme ich sogar Besuch, wenn mein Frauchen l\u00e4nger au\u00dfer Haus bleiben muss. Dann wird richtig gespielt und getobt.<\/p>\n<\/div><figure class=\"wp-block-media-text__media\"><a href=\"https:\/\/tierheim-nied.de\/wp-content\/uploads\/2021\/07\/Cleo2.jpg\" rel=\"lightbox-25\"><img loading=\"lazy\" decoding=\"async\" width=\"400\" height=\"301\" src=\"https:\/\/tierheim-nied.de\/wp-content\/uploads\/2021\/07\/Cleo2.jpg\" alt=\"\" class=\"wp-image-2662 size-full\" srcset=\"https:\/\/tierheim-nied.de\/wp-content\/uploads\/2021\/07\/Cleo2.jpg 400w, https:\/\/tierheim-nied.de\/wp-content\/uploads\/2021\/07\/Cleo2-350x263.jpg 350w\" sizes=\"auto, (max-width: 400px) 100vw, 400px\" \/><\/a><\/figure><\/div>\n\n\n\n<div class=\"wp-block-media-text alignwide has-media-on-the-right is-stacked-on-mobile\"><div class=\"wp-block-media-text__content\">\n<p>Im Urlaub war ich auch schon. Die lange Reise nach D\u00e4nemark war am Anfang aufregend, da ich im Korb eingesperrt wurde und ich das gar nicht lustig fand. Nach einer Weile hat meine Blase gedr\u00fcckt und ich habe lautstark rebelliert. Endlich konnte ich dann raus und habe auch gleich das Auto unter die Lupe genommen. Danach wurde nicht mehr das Gitter vorgesetzt und das war behaglich. Schlie\u00dflich sind wir doch angekommen und ich durfte das ganze Anwesen beschnuppern, drinnen u drau\u00dfen versteht sich. Jeden Morgen beizeiten wollte ich raus. Leider wurde ich aber angeleint. Aber einmal habe ich es geschafft u bin entkommen. Das habe ich richtig ausgekostet, habe erst mal einen Kater verjagt und bin auf B\u00e4ume geklettert. Dann hat mich mein Frauchen vermisst und ich kam freudig zur\u00fcck.<br>Zugenommen habe ich auch schon. Bekomme Spezialtrockenfutter f\u00fcr meine Rasse (MainCoon), nur bei den Dosen muss mein Frauchen noch rauskriegen, dass sich mein Geschmack st\u00e4ndig \u00e4ndert.<br>Daher k\u00f6nnt Ihr sehen, dass es mir gut geht und ich hoffe, es wird auch so bleiben. Ich w\u00fcnsche meinen ehemaligen Mitbewohnern\/innen, dass sie auch so ein sch\u00f6nes Katzenleben bekommen, wie ich es habe.<\/p>\n<\/div><figure class=\"wp-block-media-text__media\"><a href=\"https:\/\/tierheim-nied.de\/wp-content\/uploads\/2021\/07\/Cleo1.jpg\" rel=\"lightbox-26\"><img loading=\"lazy\" decoding=\"async\" width=\"400\" height=\"301\" src=\"https:\/\/tierheim-nied.de\/wp-content\/uploads\/2021\/07\/Cleo1.jpg\" alt=\"\" class=\"wp-image-2663 size-full\" srcset=\"https:\/\/tierheim-nied.de\/wp-content\/uploads\/2021\/07\/Cleo1.jpg 400w, https:\/\/tierheim-nied.de\/wp-content\/uploads\/2021\/07\/Cleo1-350x263.jpg 350w\" sizes=\"auto, (max-width: 400px) 100vw, 400px\" \/><\/a><\/figure><\/div>\n\n\n\n<p><strong><a href=\"#zur\u00fcck\">Zur\u00fcck nach oben<\/a><\/strong><br><\/p>\n\n\n\n<p class=\"has-background\" style=\"background-color:#f3f19c\"><strong><strong>Sandy und Katie (alias Miccia und Mora)<\/strong><\/strong><\/p>\n\n\n\n<p>Liebe Frau Czech,<br>&nbsp;<br>ich wollte Ihnen mal wieder zwei Bilder von unseren kleinen Teufeln schicken. Die beiden sind zwei rechte Rabauken und mischen unseren Haushalt ganz gut auf. :-))<br>&nbsp;<br>Heute sind sie von Frau Braun kastriert worden. Zum Gl\u00fcck scheint alles gut verlaufen zu sein. Demn\u00e4chst wollen wir sie dann ein wenig an die gro\u00dfe weite Welt gew\u00f6hnen. Obwohl ich jetzt schon wieder vor Angst sterbe, was da alles passieren k\u00f6nnte.<br>&nbsp;<br>Viele liebe Gr\u00fc\u00dfe,<br>Kerstin Rusko<\/p>\n\n\n\n<div class=\"wp-block-columns is-layout-flex wp-container-core-columns-is-layout-9d6595d7 wp-block-columns-is-layout-flex\">\n<div class=\"wp-block-column is-layout-flow wp-block-column-is-layout-flow\">\n<figure class=\"wp-block-image size-large\"><a href=\"https:\/\/tierheim-nied.de\/wp-content\/uploads\/2021\/07\/MuM_auf_kratzbaum.jpg\" rel=\"lightbox-27\"><img loading=\"lazy\" decoding=\"async\" width=\"512\" height=\"384\" src=\"https:\/\/tierheim-nied.de\/wp-content\/uploads\/2021\/07\/MuM_auf_kratzbaum.jpg\" alt=\"\" class=\"wp-image-2666\" srcset=\"https:\/\/tierheim-nied.de\/wp-content\/uploads\/2021\/07\/MuM_auf_kratzbaum.jpg 512w, https:\/\/tierheim-nied.de\/wp-content\/uploads\/2021\/07\/MuM_auf_kratzbaum-350x263.jpg 350w\" sizes=\"auto, (max-width: 512px) 100vw, 512px\" \/><\/a><\/figure>\n<\/div>\n\n\n\n<div class=\"wp-block-column is-layout-flow wp-block-column-is-layout-flow\">\n<figure class=\"wp-block-image size-large\"><a href=\"https:\/\/tierheim-nied.de\/wp-content\/uploads\/2021\/07\/MuM_auf_decke.jpg\" rel=\"lightbox-28\"><img loading=\"lazy\" decoding=\"async\" width=\"512\" height=\"384\" src=\"https:\/\/tierheim-nied.de\/wp-content\/uploads\/2021\/07\/MuM_auf_decke.jpg\" alt=\"\" class=\"wp-image-2667\" srcset=\"https:\/\/tierheim-nied.de\/wp-content\/uploads\/2021\/07\/MuM_auf_decke.jpg 512w, https:\/\/tierheim-nied.de\/wp-content\/uploads\/2021\/07\/MuM_auf_decke-350x263.jpg 350w\" sizes=\"auto, (max-width: 512px) 100vw, 512px\" \/><\/a><\/figure>\n<\/div>\n<\/div>\n\n\n\n<p><strong><a href=\"#zur\u00fcck\">Zur\u00fcck nach oben<\/a><\/strong><br><\/p>\n\n\n\n<p class=\"has-background\" style=\"background-color:#f3f19c\"><strong><strong><strong>Charles und Camilla<\/strong><\/strong><\/strong><\/p>\n\n\n\n<div class=\"wp-block-media-text alignwide has-media-on-the-right is-stacked-on-mobile\"><div class=\"wp-block-media-text__content\">\n<p>&#8222;Hallo liebes Tierheim-Nied-Team!<\/p>\n\n\n\n<p>Wir beide (Charles und Camilla) haben uns gut bei Kerstin eingelebt. Mit der Zeit sind wir doch etwas f\u00fclliger geworden, das liegt wohl daran, dass wir jetzt im Winter nicht mehr im Garten herumlaufen k\u00f6nnen. Kerstin hat uns daher ein Auslauf gebaut, jetzt k\u00f6nnen wir nach Lust und Laune rein + raus h\u00fcpfen. Dass wir seit knapp sieben Monat nicht mehr die alleinigen Stars der Familie sind, st\u00f6rt uns nicht. Jetzt machen wir nicht nur 2, sondern 3 Menschen gro\u00dfen Freude. Charles &amp; Camilla&#8220;<\/p>\n\n\n\n<p>An dieser Stelle nochmal danke f\u00fcr die Vermittlung der lieben Meeris. Habe im internet gelesen, dass es momentan offenbar viele abgegebene Tiere gibt und werde kurzfristig eine kleine Spende \u00fcberweisen.<\/p>\n\n\n\n<p>Liebe Gr\u00fc\u00dfe und sch\u00f6ne Weihnachtstage!<br>Kerstin Riemann<\/p>\n<\/div><figure class=\"wp-block-media-text__media\"><a href=\"https:\/\/tierheim-nied.de\/wp-content\/uploads\/2021\/07\/Charles_und_Camilla.jpg\" rel=\"lightbox-29\"><img loading=\"lazy\" decoding=\"async\" width=\"512\" height=\"384\" src=\"https:\/\/tierheim-nied.de\/wp-content\/uploads\/2021\/07\/Charles_und_Camilla.jpg\" alt=\"\" class=\"wp-image-2670 size-full\" srcset=\"https:\/\/tierheim-nied.de\/wp-content\/uploads\/2021\/07\/Charles_und_Camilla.jpg 512w, https:\/\/tierheim-nied.de\/wp-content\/uploads\/2021\/07\/Charles_und_Camilla-350x263.jpg 350w\" sizes=\"auto, (max-width: 512px) 100vw, 512px\" \/><\/a><\/figure><\/div>\n\n\n\n<p><strong><a href=\"#zur\u00fcck\">Zur\u00fcck nach oben<\/a><\/strong><br><\/p>\n\n\n\n<p class=\"has-background\" style=\"background-color:#f3f19c\"><strong><strong><strong>Charles und Camilla<\/strong><\/strong><\/strong><\/p>\n\n\n\n<div class=\"wp-block-columns is-layout-flex wp-container-core-columns-is-layout-9d6595d7 wp-block-columns-is-layout-flex\">\n<div class=\"wp-block-column is-layout-flow wp-block-column-is-layout-flow\">\n<figure class=\"wp-block-image size-large\"><a href=\"https:\/\/tierheim-nied.de\/wp-content\/uploads\/2021\/07\/Samira1.jpg\" rel=\"lightbox-30\"><img loading=\"lazy\" decoding=\"async\" width=\"340\" height=\"255\" src=\"https:\/\/tierheim-nied.de\/wp-content\/uploads\/2021\/07\/Samira1.jpg\" alt=\"\" class=\"wp-image-2671\"\/><\/a><\/figure>\n<\/div>\n\n\n\n<div class=\"wp-block-column is-layout-flow wp-block-column-is-layout-flow\">\n<figure class=\"wp-block-image size-large\"><a href=\"https:\/\/tierheim-nied.de\/wp-content\/uploads\/2021\/07\/Samira2.jpg\" rel=\"lightbox-31\"><img loading=\"lazy\" decoding=\"async\" width=\"340\" height=\"255\" src=\"https:\/\/tierheim-nied.de\/wp-content\/uploads\/2021\/07\/Samira2.jpg\" alt=\"\" class=\"wp-image-2672\"\/><\/a><\/figure>\n<\/div>\n<\/div>\n\n\n\n<p>Hallo,<\/p>\n\n\n\n<p>hier die versprochenen Bilder unserer 2 neuen Mitbewohnerinnen. Sie haben sich super eingelebt und f\u00fchlen sich pudelwohl.<\/p>\n\n\n\n<p>Gru\u00df<br>Gabi und Harold<\/p>\n\n\n\n<div class=\"wp-block-columns is-layout-flex wp-container-core-columns-is-layout-9d6595d7 wp-block-columns-is-layout-flex\">\n<div class=\"wp-block-column is-layout-flow wp-block-column-is-layout-flow\">\n<figure class=\"wp-block-image size-large\"><a href=\"https:\/\/tierheim-nied.de\/wp-content\/uploads\/2021\/07\/Samira3.jpg\" rel=\"lightbox-32\"><img loading=\"lazy\" decoding=\"async\" width=\"340\" height=\"255\" src=\"https:\/\/tierheim-nied.de\/wp-content\/uploads\/2021\/07\/Samira3.jpg\" alt=\"\" class=\"wp-image-2674\"\/><\/a><\/figure>\n<\/div>\n\n\n\n<div class=\"wp-block-column is-layout-flow wp-block-column-is-layout-flow\">\n<figure class=\"wp-block-image size-large\"><a href=\"https:\/\/tierheim-nied.de\/wp-content\/uploads\/2021\/07\/Samira4.jpg\" rel=\"lightbox-33\"><img loading=\"lazy\" decoding=\"async\" width=\"340\" height=\"255\" src=\"https:\/\/tierheim-nied.de\/wp-content\/uploads\/2021\/07\/Samira4.jpg\" alt=\"\" class=\"wp-image-2676\"\/><\/a><\/figure>\n<\/div>\n<\/div>\n\n\n\n<div class=\"wp-block-columns is-layout-flex wp-container-core-columns-is-layout-9d6595d7 wp-block-columns-is-layout-flex\">\n<div class=\"wp-block-column is-layout-flow wp-block-column-is-layout-flow\">\n<figure class=\"wp-block-image size-large\"><a href=\"https:\/\/tierheim-nied.de\/wp-content\/uploads\/2021\/07\/Samira5.jpg\" rel=\"lightbox-34\"><img loading=\"lazy\" decoding=\"async\" width=\"340\" height=\"255\" src=\"https:\/\/tierheim-nied.de\/wp-content\/uploads\/2021\/07\/Samira5.jpg\" alt=\"\" class=\"wp-image-2677\"\/><\/a><\/figure>\n<\/div>\n\n\n\n<div class=\"wp-block-column is-layout-flow wp-block-column-is-layout-flow\">\n<figure class=\"wp-block-image size-large\"><a href=\"https:\/\/tierheim-nied.de\/wp-content\/uploads\/2021\/07\/Samira6.jpg\" rel=\"lightbox-35\"><img loading=\"lazy\" decoding=\"async\" width=\"340\" height=\"255\" src=\"https:\/\/tierheim-nied.de\/wp-content\/uploads\/2021\/07\/Samira6.jpg\" alt=\"\" class=\"wp-image-2678\"\/><\/a><\/figure>\n<\/div>\n<\/div>\n\n\n\n<p><strong><a href=\"#zur\u00fcck\">Zur\u00fcck nach oben<\/a><\/strong><br><\/p>\n\n\n\n<p><\/p>\n","protected":false},"excerpt":{"rendered":"<p>Unsere vermittelten Tiere Wir freuen uns immer, Post von unseren ehemaligen Tierheimbewohnern aus ihrem neuen Zuhause bekommen.Wie man sehen kann, war es seit 2018 ein&hellip;<\/p>\n","protected":false},"author":4,"featured_media":0,"parent":2581,"menu_order":0,"comment_status":"closed","ping_status":"closed","template":"","meta":{"cybocfi_hide_featured_image":"","footnotes":""},"class_list":["post-2587","page","type-page","status-publish","hentry"],"_links":{"self":[{"href":"https:\/\/tierheim-nied.de\/index.php\/wp-json\/wp\/v2\/pages\/2587","targetHints":{"allow":["GET"]}}],"collection":[{"href":"https:\/\/tierheim-nied.de\/index.php\/wp-json\/wp\/v2\/pages"}],"about":[{"href":"https:\/\/tierheim-nied.de\/index.php\/wp-json\/wp\/v2\/types\/page"}],"author":[{"embeddable":true,"href":"https:\/\/tierheim-nied.de\/index.php\/wp-json\/wp\/v2\/users\/4"}],"replies":[{"embeddable":true,"href":"https:\/\/tierheim-nied.de\/index.php\/wp-json\/wp\/v2\/comments?post=2587"}],"version-history":[{"count":56,"href":"https:\/\/tierheim-nied.de\/index.php\/wp-json\/wp\/v2\/pages\/2587\/revisions"}],"predecessor-version":[{"id":9455,"href":"https:\/\/tierheim-nied.de\/index.php\/wp-json\/wp\/v2\/pages\/2587\/revisions\/9455"}],"up":[{"embeddable":true,"href":"https:\/\/tierheim-nied.de\/index.php\/wp-json\/wp\/v2\/pages\/2581"}],"wp:attachment":[{"href":"https:\/\/tierheim-nied.de\/index.php\/wp-json\/wp\/v2\/media?parent=2587"}],"curies":[{"name":"wp","href":"https:\/\/api.w.org\/{rel}","templated":true}]}}